{"id":25,"date":"2022-11-23T10:04:20","date_gmt":"2022-11-23T09:04:20","guid":{"rendered":"http:\/\/wordpress-elisabeth.p604061.webspaceconfig.de\/?page_id=25"},"modified":"2026-08-25T18:05:39","modified_gmt":"2026-08-25T16:05:39","slug":"wir-stellen-uns-vor","status":"publish","type":"page","link":"https:\/\/familienzentrum-st-elisabeth.info\/?page_id=25","title":{"rendered":"Unser Team2"},"content":{"rendered":"\n<p class=\"wp-block-paragraph\"><\/p>\n\n\n\n<p class=\"wp-block-paragraph\"><\/p>\n\n\n\n<div class=\"wp-block-columns is-layout-flex wp-container-core-columns-is-layout-8f761849 wp-block-columns-is-layout-flex\">\n<div class=\"wp-block-column is-layout-flow wp-block-column-is-layout-flow\"><\/div>\n\n\n\n<div class=\"wp-block-column is-layout-flow wp-block-column-is-layout-flow\"><\/div>\n\n\n\n<div class=\"wp-block-column is-layout-flow wp-block-column-is-layout-flow\">\n<p>&nbsp;<\/p>\n<table style=\"border-collapse: collapse; width: 100%;\">\n<tbody>\n<tr>\n<td style=\"width: 100%;\">\n<h5 style=\"text-align: center;\"><span style=\"color: #000000;\"><strong>Einrichtungsleitung<\/strong><\/span><\/h5>\n<p style=\"text-align: center;\"><img loading=\"lazy\" decoding=\"async\" class=\"alignnone wp-image-889 size-medium\" src=\"https:\/\/familienzentrum-st-elisabeth.info\/wp-content\/uploads\/2025\/08\/Greta-Schroeder-Rote-Gruppe-Erzieherin-200x300.jpg\" alt=\"\" width=\"200\" height=\"300\" srcset=\"https:\/\/familienzentrum-st-elisabeth.info\/wp-content\/uploads\/2025\/08\/Greta-Schroeder-Rote-Gruppe-Erzieherin-200x300.jpg 200w, https:\/\/familienzentrum-st-elisabeth.info\/wp-content\/uploads\/2025\/08\/Greta-Schroeder-Rote-Gruppe-Erzieherin-683x1024.jpg 683w, https:\/\/familienzentrum-st-elisabeth.info\/wp-content\/uploads\/2025\/08\/Greta-Schroeder-Rote-Gruppe-Erzieherin-768x1152.jpg 768w, https:\/\/familienzentrum-st-elisabeth.info\/wp-content\/uploads\/2025\/08\/Greta-Schroeder-Rote-Gruppe-Erzieherin-1024x1536.jpg 1024w, https:\/\/familienzentrum-st-elisabeth.info\/wp-content\/uploads\/2025\/08\/Greta-Schroeder-Rote-Gruppe-Erzieherin-1365x2048.jpg 1365w, https:\/\/familienzentrum-st-elisabeth.info\/wp-content\/uploads\/2025\/08\/Greta-Schroeder-Rote-Gruppe-Erzieherin-scaled.jpg 1707w\" sizes=\"auto, (max-width: 200px) 100vw, 200px\" \/><\/p>\n<p style=\"text-align: center;\">Greta Schr\u00f6der<br>Erzieherin, <br><span data-olk-copy-source=\"MessageBody\">Fachwirtin f\u00fcr Kita- und Hortmanagement<\/span><\/p>\n<\/td>\n<\/tr>\n<\/tbody>\n<\/table>\n<p style=\"text-align: center;\">&nbsp;<\/p>\n<p style=\"text-align: center;\">&nbsp;<\/p>\n<\/div>\n\n\n\n<div class=\"wp-block-column is-layout-flow wp-block-column-is-layout-flow\"><\/div>\n\n\n\n<div class=\"wp-block-column is-layout-flow wp-block-column-is-layout-flow\"><\/div>\n<\/div>\n\n\n\n<div class=\"wp-block-columns is-layout-flex wp-container-core-columns-is-layout-8f761849 wp-block-columns-is-layout-flex\">\n<div class=\"wp-block-column is-layout-flow wp-block-column-is-layout-flow\" style=\"flex-basis:200px\">\n<h5 class=\"has-text-align-center\"><span style=\"color: #000000;\"><strong>Gr\u00fcne Gruppe<\/strong><\/span><\/h5>\n\n\n\n<figure class=\"wp-block-image aligncenter size-large is-resized\"><img loading=\"lazy\" decoding=\"async\" width=\"683\" height=\"1024\" src=\"https:\/\/familienzentrum-st-elisabeth.info\/wp-content\/uploads\/2026\/08\/Andrea-Schoepe-683x1024.jpg\" alt=\"\" class=\"wp-image-1019\" style=\"object-fit:cover;width:200px;height:300px\" srcset=\"https:\/\/familienzentrum-st-elisabeth.info\/wp-content\/uploads\/2026\/08\/Andrea-Schoepe-683x1024.jpg 683w, https:\/\/familienzentrum-st-elisabeth.info\/wp-content\/uploads\/2026\/08\/Andrea-Schoepe-200x300.jpg 200w, https:\/\/familienzentrum-st-elisabeth.info\/wp-content\/uploads\/2026\/08\/Andrea-Schoepe-768x1151.jpg 768w, https:\/\/familienzentrum-st-elisabeth.info\/wp-content\/uploads\/2026\/08\/Andrea-Schoepe-1024x1536.jpg 1024w, https:\/\/familienzentrum-st-elisabeth.info\/wp-content\/uploads\/2026\/08\/Andrea-Schoepe-1366x2048.jpg 1366w, https:\/\/familienzentrum-st-elisabeth.info\/wp-content\/uploads\/2026\/08\/Andrea-Schoepe-scaled.jpg 1707w\" sizes=\"auto, (max-width: 683px) 100vw, 683px\" \/><\/figure>\n\n\n\n<p class=\"has-text-align-center wp-block-paragraph\">Andrea Sch\u00f6pe<br>Erzieherin<\/p>\n<\/div>\n\n\n\n<div class=\"wp-block-column is-layout-flow wp-block-column-is-layout-flow\" style=\"flex-basis:200px\">\n<h5 class=\"has-text-align-center\"><span style=\"color: #000000;\"><strong>Gr\u00fcne Gruppe<\/strong><\/span><\/h5>\n\n\n\n<figure class=\"wp-block-image aligncenter size-large is-resized\"><img loading=\"lazy\" decoding=\"async\" width=\"809\" height=\"1024\" src=\"https:\/\/familienzentrum-st-elisabeth.info\/wp-content\/uploads\/2026\/08\/Shumaila-Robin-809x1024.jpg\" alt=\"\" class=\"wp-image-1021\" style=\"object-fit:cover;width:200px;height:300px\" srcset=\"https:\/\/familienzentrum-st-elisabeth.info\/wp-content\/uploads\/2026\/08\/Shumaila-Robin-809x1024.jpg 809w, https:\/\/familienzentrum-st-elisabeth.info\/wp-content\/uploads\/2026\/08\/Shumaila-Robin-237x300.jpg 237w, https:\/\/familienzentrum-st-elisabeth.info\/wp-content\/uploads\/2026\/08\/Shumaila-Robin-768x971.jpg 768w, https:\/\/familienzentrum-st-elisabeth.info\/wp-content\/uploads\/2026\/08\/Shumaila-Robin-1214x1536.jpg 1214w, https:\/\/familienzentrum-st-elisabeth.info\/wp-content\/uploads\/2026\/08\/Shumaila-Robin-1619x2048.jpg 1619w, https:\/\/familienzentrum-st-elisabeth.info\/wp-content\/uploads\/2026\/08\/Shumaila-Robin-scaled.jpg 2024w\" sizes=\"auto, (max-width: 809px) 100vw, 809px\" \/><\/figure>\n\n\n\n<p class=\"has-text-align-center wp-block-paragraph\">Shumaila Robin<br>Kinderpflegerin<\/p>\n<\/div>\n\n\n\n<div class=\"wp-block-column is-layout-flow wp-block-column-is-layout-flow\" style=\"flex-basis:200px\">\n<h5 class=\"has-text-align-center\"><span style=\"color: #000000;\"><strong>Gr\u00fcne Gruppe<\/strong><\/span><\/h5>\n\n\n\n<figure class=\"wp-block-image aligncenter size-large is-resized\"><img loading=\"lazy\" decoding=\"async\" width=\"768\" height=\"1024\" src=\"https:\/\/familienzentrum-st-elisabeth.info\/wp-content\/uploads\/2026\/08\/Jil-Nordkamp-PIA-Auszubildne-768x1024-1.jpg\" alt=\"\" class=\"wp-image-1022\" style=\"object-fit:cover;width:200px;height:300px\" srcset=\"https:\/\/familienzentrum-st-elisabeth.info\/wp-content\/uploads\/2026\/08\/Jil-Nordkamp-PIA-Auszubildne-768x1024-1.jpg 768w, https:\/\/familienzentrum-st-elisabeth.info\/wp-content\/uploads\/2026\/08\/Jil-Nordkamp-PIA-Auszubildne-225x300.jpg 225w, https:\/\/familienzentrum-st-elisabeth.info\/wp-content\/uploads\/2026\/08\/Jil-Nordkamp-PIA-Auszubildne-1152x1536.jpg 1152w, https:\/\/familienzentrum-st-elisabeth.info\/wp-content\/uploads\/2026\/08\/Jil-Nordkamp-PIA-Auszubildne-1536x2048.jpg 1536w, https:\/\/familienzentrum-st-elisabeth.info\/wp-content\/uploads\/2026\/08\/Jil-Nordkamp-PIA-Auszubildne-scaled.jpg 1920w\" sizes=\"auto, (max-width: 768px) 100vw, 768px\" \/><\/figure>\n\n\n\n<p class=\"has-text-align-center wp-block-paragraph\">Jil Nordkamp, <br>PIA Auszubildne<\/p>\n<\/div>\n\n\n\n<div class=\"wp-block-column is-layout-flow wp-block-column-is-layout-flow\" style=\"flex-basis:200px\">\n<h5 class=\"has-text-align-center\"><span style=\"color: #000000;\"><strong>Gr\u00fcne Gruppe<\/strong><\/span><\/h5>\n\n\n\n<div class=\"wp-block-columns is-layout-flex wp-container-core-columns-is-layout-8f761849 wp-block-columns-is-layout-flex\">\n<div class=\"wp-block-column is-layout-flow wp-block-column-is-layout-flow\" style=\"flex-basis:100%\">\n<p class=\"has-text-align-center wp-block-paragraph\">Ingrid Holste<br>Erzieherin<\/p>\n\n\n\n<p class=\"has-text-align-center wp-block-paragraph\">Steffi Vennemann<br>Erzieherin<\/p>\n<\/div>\n<\/div>\n<\/div>\n<\/div>\n\n\n\n<div class=\"wp-block-columns is-layout-flex wp-container-core-columns-is-layout-8f761849 wp-block-columns-is-layout-flex\">\n<div class=\"wp-block-column is-layout-flow wp-block-column-is-layout-flow\">\n<h5 style=\"text-align: center;\"><span style=\"color: #000000;\"><strong>Blaue Gruppe<\/strong><\/span><\/h5>\n\n\n\n<figure class=\"wp-block-image aligncenter size-large is-resized\"><img loading=\"lazy\" decoding=\"async\" width=\"683\" height=\"1024\" src=\"https:\/\/familienzentrum-st-elisabeth.info\/wp-content\/uploads\/2025\/08\/Anne-Dapper-Blaue-Gruppe-Erzieherin-683x1024.jpg\" alt=\"\" class=\"wp-image-877\" style=\"width:200px;height:undefinedpx\" srcset=\"https:\/\/familienzentrum-st-elisabeth.info\/wp-content\/uploads\/2025\/08\/Anne-Dapper-Blaue-Gruppe-Erzieherin-683x1024.jpg 683w, https:\/\/familienzentrum-st-elisabeth.info\/wp-content\/uploads\/2025\/08\/Anne-Dapper-Blaue-Gruppe-Erzieherin-200x300.jpg 200w, https:\/\/familienzentrum-st-elisabeth.info\/wp-content\/uploads\/2025\/08\/Anne-Dapper-Blaue-Gruppe-Erzieherin-768x1152.jpg 768w, https:\/\/familienzentrum-st-elisabeth.info\/wp-content\/uploads\/2025\/08\/Anne-Dapper-Blaue-Gruppe-Erzieherin-1024x1536.jpg 1024w, https:\/\/familienzentrum-st-elisabeth.info\/wp-content\/uploads\/2025\/08\/Anne-Dapper-Blaue-Gruppe-Erzieherin-1365x2048.jpg 1365w, https:\/\/familienzentrum-st-elisabeth.info\/wp-content\/uploads\/2025\/08\/Anne-Dapper-Blaue-Gruppe-Erzieherin-scaled.jpg 1707w\" sizes=\"auto, (max-width: 683px) 100vw, 683px\" \/><\/figure>\n\n\n\n<p class=\"has-text-align-center wp-block-paragraph\">Anne Dapper <br>Erzieherin<\/p>\n<\/div>\n\n\n\n<div class=\"wp-block-column is-layout-flow wp-block-column-is-layout-flow\">\n<h5 style=\"text-align: center;\"><strong><span style=\"color: #000000;\">Blaue Gruppe<\/span><\/strong><\/h5>\n\n\n\n<figure class=\"wp-block-image aligncenter size-large is-resized\"><img loading=\"lazy\" decoding=\"async\" width=\"683\" height=\"1024\" src=\"https:\/\/familienzentrum-st-elisabeth.info\/wp-content\/uploads\/2025\/08\/Silke-Stellermann-Blaue-Gruppe-Erzieherin-683x1024.jpg\" alt=\"\" class=\"wp-image-880\" style=\"width:200px;height:undefinedpx\" srcset=\"https:\/\/familienzentrum-st-elisabeth.info\/wp-content\/uploads\/2025\/08\/Silke-Stellermann-Blaue-Gruppe-Erzieherin-683x1024.jpg 683w, https:\/\/familienzentrum-st-elisabeth.info\/wp-content\/uploads\/2025\/08\/Silke-Stellermann-Blaue-Gruppe-Erzieherin-200x300.jpg 200w, https:\/\/familienzentrum-st-elisabeth.info\/wp-content\/uploads\/2025\/08\/Silke-Stellermann-Blaue-Gruppe-Erzieherin-768x1152.jpg 768w, https:\/\/familienzentrum-st-elisabeth.info\/wp-content\/uploads\/2025\/08\/Silke-Stellermann-Blaue-Gruppe-Erzieherin-1024x1536.jpg 1024w, https:\/\/familienzentrum-st-elisabeth.info\/wp-content\/uploads\/2025\/08\/Silke-Stellermann-Blaue-Gruppe-Erzieherin-1365x2048.jpg 1365w, https:\/\/familienzentrum-st-elisabeth.info\/wp-content\/uploads\/2025\/08\/Silke-Stellermann-Blaue-Gruppe-Erzieherin-scaled.jpg 1706w\" sizes=\"auto, (max-width: 683px) 100vw, 683px\" \/><\/figure>\n\n\n\n<p class=\"has-text-align-center wp-block-paragraph\">Silke Stellermann<br>Erzieherin<\/p>\n<\/div>\n\n\n\n<div class=\"wp-block-column is-layout-flow wp-block-column-is-layout-flow\">\n<h5 style=\"text-align: center;\"><strong><span style=\"color: #000000;\">Blaue Gruppe<\/span><\/strong><\/h5>\n\n\n\n<figure class=\"wp-block-image aligncenter size-large is-resized\"><img loading=\"lazy\" decoding=\"async\" width=\"768\" height=\"1024\" src=\"https:\/\/familienzentrum-st-elisabeth.info\/wp-content\/uploads\/2026\/05\/Sina-Langweg-Alltagshelferin-768x1024.jpg\" alt=\"\" class=\"wp-image-1010\" style=\"object-fit:cover;width:200px;height:300px\" srcset=\"https:\/\/familienzentrum-st-elisabeth.info\/wp-content\/uploads\/2026\/05\/Sina-Langweg-Alltagshelferin-768x1024.jpg 768w, https:\/\/familienzentrum-st-elisabeth.info\/wp-content\/uploads\/2026\/05\/Sina-Langweg-Alltagshelferin-225x300.jpg 225w, https:\/\/familienzentrum-st-elisabeth.info\/wp-content\/uploads\/2026\/05\/Sina-Langweg-Alltagshelferin-1152x1536.jpg 1152w, https:\/\/familienzentrum-st-elisabeth.info\/wp-content\/uploads\/2026\/05\/Sina-Langweg-Alltagshelferin-1536x2048.jpg 1536w, https:\/\/familienzentrum-st-elisabeth.info\/wp-content\/uploads\/2026\/05\/Sina-Langweg-Alltagshelferin-scaled.jpg 1920w\" sizes=\"auto, (max-width: 768px) 100vw, 768px\" \/><\/figure>\n\n\n\n<p class=\"has-text-align-center wp-block-paragraph\">Sina Langweg<br>Kita-Helferin<\/p>\n<\/div>\n\n\n\n<div class=\"wp-block-column is-layout-flow wp-block-column-is-layout-flow\">\n<h5 style=\"text-align: center;\"><strong><span style=\"color: #000000;\">Blaue Gruppe<\/span><\/strong><\/h5>\n\n\n\n<figure class=\"wp-block-image aligncenter size-large is-resized\"><img loading=\"lazy\" decoding=\"async\" width=\"768\" height=\"1024\" src=\"https:\/\/familienzentrum-st-elisabeth.info\/wp-content\/uploads\/2026\/08\/Lana-Buchin-768x1024-1.jpg\" alt=\"\" class=\"wp-image-1024\" style=\"object-fit:cover;width:200px;height:300px\" srcset=\"https:\/\/familienzentrum-st-elisabeth.info\/wp-content\/uploads\/2026\/08\/Lana-Buchin-768x1024-1.jpg 768w, https:\/\/familienzentrum-st-elisabeth.info\/wp-content\/uploads\/2026\/08\/Lana-Buchin-225x300.jpg 225w, https:\/\/familienzentrum-st-elisabeth.info\/wp-content\/uploads\/2026\/08\/Lana-Buchin-1152x1536.jpg 1152w, https:\/\/familienzentrum-st-elisabeth.info\/wp-content\/uploads\/2026\/08\/Lana-Buchin-1536x2048.jpg 1536w, https:\/\/familienzentrum-st-elisabeth.info\/wp-content\/uploads\/2026\/08\/Lana-Buchin-scaled.jpg 1920w\" sizes=\"auto, (max-width: 768px) 100vw, 768px\" \/><\/figure>\n\n\n\n<p class=\"has-text-align-center wp-block-paragraph\">Lana Buchin<br>Erzieherin<\/p>\n<\/div>\n<\/div>\n\n\n\n<div class=\"wp-block-columns is-layout-flex wp-container-core-columns-is-layout-8f761849 wp-block-columns-is-layout-flex\">\n<div class=\"wp-block-column is-layout-flow wp-block-column-is-layout-flow\">\n<h5 class=\"has-text-align-center\"><span style=\"color: #000000;\"><strong>Gelbe Gruppe<\/strong><\/span><\/h5>\n\n\n\n<figure class=\"wp-block-image aligncenter size-large is-resized\"><img loading=\"lazy\" decoding=\"async\" width=\"690\" height=\"1024\" src=\"https:\/\/familienzentrum-st-elisabeth.info\/wp-content\/uploads\/2025\/08\/Michelle-Kordowski-Erzieherin-Gelbe-Gruppe-690x1024.jpg\" alt=\"\" class=\"wp-image-884\" style=\"object-fit:cover;width:200px;height:300px\" srcset=\"https:\/\/familienzentrum-st-elisabeth.info\/wp-content\/uploads\/2025\/08\/Michelle-Kordowski-Erzieherin-Gelbe-Gruppe-690x1024.jpg 690w, https:\/\/familienzentrum-st-elisabeth.info\/wp-content\/uploads\/2025\/08\/Michelle-Kordowski-Erzieherin-Gelbe-Gruppe-202x300.jpg 202w, https:\/\/familienzentrum-st-elisabeth.info\/wp-content\/uploads\/2025\/08\/Michelle-Kordowski-Erzieherin-Gelbe-Gruppe-768x1140.jpg 768w, https:\/\/familienzentrum-st-elisabeth.info\/wp-content\/uploads\/2025\/08\/Michelle-Kordowski-Erzieherin-Gelbe-Gruppe-1035x1536.jpg 1035w, https:\/\/familienzentrum-st-elisabeth.info\/wp-content\/uploads\/2025\/08\/Michelle-Kordowski-Erzieherin-Gelbe-Gruppe-1380x2048.jpg 1380w, https:\/\/familienzentrum-st-elisabeth.info\/wp-content\/uploads\/2025\/08\/Michelle-Kordowski-Erzieherin-Gelbe-Gruppe-scaled.jpg 1724w\" sizes=\"auto, (max-width: 690px) 100vw, 690px\" \/><\/figure>\n\n\n\n<p class=\"has-text-align-center wp-block-paragraph\">Michelle Kordowski<br>Erzieherin<\/p>\n<\/div>\n\n\n\n<div class=\"wp-block-column is-layout-flow wp-block-column-is-layout-flow\">\n<h5 style=\"text-align: center;\"><span style=\"color: #000000;\"><strong>Gelbe Gruppe<\/strong><\/span><\/h5>\n\n\n\n<figure class=\"wp-block-image aligncenter size-large is-resized\"><img loading=\"lazy\" decoding=\"async\" width=\"683\" height=\"1024\" src=\"https:\/\/familienzentrum-st-elisabeth.info\/wp-content\/uploads\/2025\/08\/Diana-Mathis-Gelbe-Gruppe-Erzieherin-683x1024.jpg\" alt=\"\" class=\"wp-image-886\" style=\"object-fit:cover;width:200px;height:300px\" srcset=\"https:\/\/familienzentrum-st-elisabeth.info\/wp-content\/uploads\/2025\/08\/Diana-Mathis-Gelbe-Gruppe-Erzieherin-683x1024.jpg 683w, https:\/\/familienzentrum-st-elisabeth.info\/wp-content\/uploads\/2025\/08\/Diana-Mathis-Gelbe-Gruppe-Erzieherin-200x300.jpg 200w, https:\/\/familienzentrum-st-elisabeth.info\/wp-content\/uploads\/2025\/08\/Diana-Mathis-Gelbe-Gruppe-Erzieherin-768x1152.jpg 768w, https:\/\/familienzentrum-st-elisabeth.info\/wp-content\/uploads\/2025\/08\/Diana-Mathis-Gelbe-Gruppe-Erzieherin-1024x1536.jpg 1024w, https:\/\/familienzentrum-st-elisabeth.info\/wp-content\/uploads\/2025\/08\/Diana-Mathis-Gelbe-Gruppe-Erzieherin-1365x2048.jpg 1365w, https:\/\/familienzentrum-st-elisabeth.info\/wp-content\/uploads\/2025\/08\/Diana-Mathis-Gelbe-Gruppe-Erzieherin-scaled.jpg 1707w\" sizes=\"auto, (max-width: 683px) 100vw, 683px\" \/><\/figure>\n\n\n\n<p class=\"has-text-align-center wp-block-paragraph\">Diana Mathis<br>Kinderpflegerin<\/p>\n<\/div>\n\n\n\n<div class=\"wp-block-column is-layout-flow wp-block-column-is-layout-flow\">\n<h5 style=\"text-align: center;\"><span style=\"color: #000000;\"><strong>Gelbe Gruppe<\/strong><\/span><\/h5>\n\n\n\n<p class=\"has-text-align-center wp-block-paragraph\"><br>Christin Stockhorst<br>Erzieherin<\/p>\n<\/div>\n\n\n\n<div class=\"wp-block-column is-layout-flow wp-block-column-is-layout-flow\">\n<h5 style=\"text-align: center;\"><span style=\"color: #000000;\"><strong>Gelbe Gruppe<\/strong><\/span><\/h5>\n\n\n\n<figure class=\"wp-block-image aligncenter size-large is-resized\"><img loading=\"lazy\" decoding=\"async\" width=\"666\" height=\"1024\" src=\"https:\/\/familienzentrum-st-elisabeth.info\/wp-content\/uploads\/2026\/08\/Carla-Schulze-Schwering-666x1024.jpg\" alt=\"\" class=\"wp-image-1029\" style=\"object-fit:cover;width:200px;height:300px\" srcset=\"https:\/\/familienzentrum-st-elisabeth.info\/wp-content\/uploads\/2026\/08\/Carla-Schulze-Schwering-666x1024.jpg 666w, https:\/\/familienzentrum-st-elisabeth.info\/wp-content\/uploads\/2026\/08\/Carla-Schulze-Schwering-195x300.jpg 195w, https:\/\/familienzentrum-st-elisabeth.info\/wp-content\/uploads\/2026\/08\/Carla-Schulze-Schwering-768x1180.jpg 768w, https:\/\/familienzentrum-st-elisabeth.info\/wp-content\/uploads\/2026\/08\/Carla-Schulze-Schwering-1000x1536.jpg 1000w, https:\/\/familienzentrum-st-elisabeth.info\/wp-content\/uploads\/2026\/08\/Carla-Schulze-Schwering-1333x2048.jpg 1333w, https:\/\/familienzentrum-st-elisabeth.info\/wp-content\/uploads\/2026\/08\/Carla-Schulze-Schwering-scaled.jpg 1666w\" sizes=\"auto, (max-width: 666px) 100vw, 666px\" \/><\/figure>\n\n\n\n<p class=\"has-text-align-center wp-block-paragraph\">Carla Schulze Schwering<br>PIA-Auszubildene<\/p>\n<\/div>\n<\/div>\n\n\n\n<div class=\"wp-block-columns is-layout-flex wp-container-core-columns-is-layout-8f761849 wp-block-columns-is-layout-flex\">\n<div class=\"wp-block-column is-layout-flow wp-block-column-is-layout-flow\">\n<h5 style=\"text-align: center;\"><strong><span style=\"color: #000000;\">Gelbe Gruppe<\/span><\/strong><\/h5>\n\n\n\n<figure class=\"wp-block-image aligncenter size-large is-resized\"><img loading=\"lazy\" decoding=\"async\" width=\"768\" height=\"1024\" src=\"https:\/\/familienzentrum-st-elisabeth.info\/wp-content\/uploads\/2026\/08\/Fiona-Nordkamp-768x1024-1.jpg\" alt=\"\" class=\"wp-image-1031\" style=\"object-fit:cover;width:200px;height:301px\" srcset=\"https:\/\/familienzentrum-st-elisabeth.info\/wp-content\/uploads\/2026\/08\/Fiona-Nordkamp-768x1024-1.jpg 768w, https:\/\/familienzentrum-st-elisabeth.info\/wp-content\/uploads\/2026\/08\/Fiona-Nordkamp-225x300.jpg 225w, https:\/\/familienzentrum-st-elisabeth.info\/wp-content\/uploads\/2026\/08\/Fiona-Nordkamp-1152x1536.jpg 1152w, https:\/\/familienzentrum-st-elisabeth.info\/wp-content\/uploads\/2026\/08\/Fiona-Nordkamp-1536x2048.jpg 1536w, https:\/\/familienzentrum-st-elisabeth.info\/wp-content\/uploads\/2026\/08\/Fiona-Nordkamp-scaled.jpg 1920w\" sizes=\"auto, (max-width: 768px) 100vw, 768px\" \/><\/figure>\n\n\n\n<div class=\"wp-block-columns is-layout-flex wp-container-core-columns-is-layout-8f761849 wp-block-columns-is-layout-flex\">\n<div class=\"wp-block-column is-layout-flow wp-block-column-is-layout-flow\" style=\"flex-basis:100%\">\n<p class=\"has-text-align-center wp-block-paragraph\">Fiona Nordkamp<br>Erzieherin<\/p>\n<\/div>\n<\/div>\n<\/div>\n\n\n\n<div class=\"wp-block-column is-layout-flow wp-block-column-is-layout-flow\">\n<h5 class=\"has-text-align-center\"><span style=\"color: #000000;\"><strong>Rote Gruppe<\/strong><\/span><\/h5>\n\n\n\n<figure class=\"wp-block-image aligncenter size-large is-resized\"><img loading=\"lazy\" decoding=\"async\" width=\"768\" height=\"1024\" src=\"https:\/\/familienzentrum-st-elisabeth.info\/wp-content\/uploads\/2026\/08\/Susanne-Berski-768x1024-1.jpg\" alt=\"\" class=\"wp-image-1035\" style=\"object-fit:cover;width:200px;height:300px\" srcset=\"https:\/\/familienzentrum-st-elisabeth.info\/wp-content\/uploads\/2026\/08\/Susanne-Berski-768x1024-1.jpg 768w, https:\/\/familienzentrum-st-elisabeth.info\/wp-content\/uploads\/2026\/08\/Susanne-Berski-225x300.jpg 225w, https:\/\/familienzentrum-st-elisabeth.info\/wp-content\/uploads\/2026\/08\/Susanne-Berski-1152x1536.jpg 1152w, https:\/\/familienzentrum-st-elisabeth.info\/wp-content\/uploads\/2026\/08\/Susanne-Berski-1536x2048.jpg 1536w, https:\/\/familienzentrum-st-elisabeth.info\/wp-content\/uploads\/2026\/08\/Susanne-Berski-scaled.jpg 1920w\" sizes=\"auto, (max-width: 768px) 100vw, 768px\" \/><\/figure>\n\n\n\n<p class=\"has-text-align-center wp-block-paragraph\">Susanne Berski <br>Erzieherin<\/p>\n<\/div>\n\n\n\n<div class=\"wp-block-column is-layout-flow wp-block-column-is-layout-flow\">\n<h5 class=\"has-text-align-center\"><span style=\"color: #000000;\"><strong>Rote Gruppe<\/strong><\/span><\/h5>\n\n\n\n<figure class=\"wp-block-image aligncenter size-large is-resized\"><img loading=\"lazy\" decoding=\"async\" width=\"683\" height=\"1024\" src=\"https:\/\/familienzentrum-st-elisabeth.info\/wp-content\/uploads\/2025\/08\/Gelbe-Gruppe-Erzieherin-683x1024.jpg\" alt=\"\" class=\"wp-image-885\" style=\"width:199px;height:undefinedpx\" srcset=\"https:\/\/familienzentrum-st-elisabeth.info\/wp-content\/uploads\/2025\/08\/Gelbe-Gruppe-Erzieherin-683x1024.jpg 683w, https:\/\/familienzentrum-st-elisabeth.info\/wp-content\/uploads\/2025\/08\/Gelbe-Gruppe-Erzieherin-200x300.jpg 200w, https:\/\/familienzentrum-st-elisabeth.info\/wp-content\/uploads\/2025\/08\/Gelbe-Gruppe-Erzieherin-768x1152.jpg 768w, https:\/\/familienzentrum-st-elisabeth.info\/wp-content\/uploads\/2025\/08\/Gelbe-Gruppe-Erzieherin-1024x1536.jpg 1024w, https:\/\/familienzentrum-st-elisabeth.info\/wp-content\/uploads\/2025\/08\/Gelbe-Gruppe-Erzieherin-1365x2048.jpg 1365w, https:\/\/familienzentrum-st-elisabeth.info\/wp-content\/uploads\/2025\/08\/Gelbe-Gruppe-Erzieherin-scaled.jpg 1707w\" sizes=\"auto, (max-width: 683px) 100vw, 683px\" \/><\/figure>\n\n\n\n<p class=\"has-text-align-center wp-block-paragraph\">Britta Hemsing<br>Erzieherin<\/p>\n<\/div>\n\n\n\n<div class=\"wp-block-column is-layout-flow wp-block-column-is-layout-flow\">\n<h5 class=\"has-text-align-center\"><span style=\"color: #000000;\"><strong>Rote Gruppe<\/strong><\/span><\/h5>\n\n\n\n<figure class=\"wp-block-image aligncenter size-large is-resized\"><img loading=\"lazy\" decoding=\"async\" width=\"768\" height=\"1024\" src=\"https:\/\/familienzentrum-st-elisabeth.info\/wp-content\/uploads\/2026\/08\/Sonja-Broecker-768x1024-1.jpg\" alt=\"\" class=\"wp-image-1034\" style=\"object-fit:cover;width:200px;height:300px\" srcset=\"https:\/\/familienzentrum-st-elisabeth.info\/wp-content\/uploads\/2026\/08\/Sonja-Broecker-768x1024-1.jpg 768w, https:\/\/familienzentrum-st-elisabeth.info\/wp-content\/uploads\/2026\/08\/Sonja-Broecker-225x300.jpg 225w, https:\/\/familienzentrum-st-elisabeth.info\/wp-content\/uploads\/2026\/08\/Sonja-Broecker-1152x1536.jpg 1152w, https:\/\/familienzentrum-st-elisabeth.info\/wp-content\/uploads\/2026\/08\/Sonja-Broecker-1536x2048.jpg 1536w, https:\/\/familienzentrum-st-elisabeth.info\/wp-content\/uploads\/2026\/08\/Sonja-Broecker-scaled.jpg 1920w\" sizes=\"auto, (max-width: 768px) 100vw, 768px\" \/><\/figure>\n\n\n\n<p class=\"has-text-align-center wp-block-paragraph\">Sonja Br\u00f6cker<br>Kita-Helferin<\/p>\n<\/div>\n<\/div>\n\n\n\n<div class=\"wp-block-columns is-layout-flex wp-container-core-columns-is-layout-8f761849 wp-block-columns-is-layout-flex\">\n<div class=\"wp-block-column is-layout-flow wp-block-column-is-layout-flow\">\n<figure class=\"wp-block-image aligncenter size-large is-resized\"><img loading=\"lazy\" decoding=\"async\" width=\"768\" height=\"1024\" src=\"https:\/\/familienzentrum-st-elisabeth.info\/wp-content\/uploads\/2026\/08\/Britta-Lensing-Kita-Helferin-768x1024-1.jpg\" alt=\"\" class=\"wp-image-1037\" style=\"width:199px;height:undefinedpx\" srcset=\"https:\/\/familienzentrum-st-elisabeth.info\/wp-content\/uploads\/2026\/08\/Britta-Lensing-Kita-Helferin-768x1024-1.jpg 768w, https:\/\/familienzentrum-st-elisabeth.info\/wp-content\/uploads\/2026\/08\/Britta-Lensing-Kita-Helferin-225x300.jpg 225w, https:\/\/familienzentrum-st-elisabeth.info\/wp-content\/uploads\/2026\/08\/Britta-Lensing-Kita-Helferin-1152x1536.jpg 1152w, https:\/\/familienzentrum-st-elisabeth.info\/wp-content\/uploads\/2026\/08\/Britta-Lensing-Kita-Helferin-1536x2048.jpg 1536w, https:\/\/familienzentrum-st-elisabeth.info\/wp-content\/uploads\/2026\/08\/Britta-Lensing-Kita-Helferin-scaled.jpg 1920w\" sizes=\"auto, (max-width: 768px) 100vw, 768px\" \/><\/figure>\n\n\n\n<p class=\"has-text-align-center wp-block-paragraph\">Britta Lensing<br>Hauswirtschaftliche Kraft<\/p>\n<\/div>\n\n\n\n<div class=\"wp-block-column is-layout-flow wp-block-column-is-layout-flow\">\n<figure class=\"wp-block-image aligncenter size-large is-resized\"><img loading=\"lazy\" decoding=\"async\" width=\"768\" height=\"1024\" src=\"https:\/\/familienzentrum-st-elisabeth.info\/wp-content\/uploads\/2026\/08\/Rita-Deggerich-768x1024-1.jpg\" alt=\"\" class=\"wp-image-1036\" style=\"width:200px;height:undefinedpx\" srcset=\"https:\/\/familienzentrum-st-elisabeth.info\/wp-content\/uploads\/2026\/08\/Rita-Deggerich-768x1024-1.jpg 768w, https:\/\/familienzentrum-st-elisabeth.info\/wp-content\/uploads\/2026\/08\/Rita-Deggerich-225x300.jpg 225w, https:\/\/familienzentrum-st-elisabeth.info\/wp-content\/uploads\/2026\/08\/Rita-Deggerich-1152x1536.jpg 1152w, https:\/\/familienzentrum-st-elisabeth.info\/wp-content\/uploads\/2026\/08\/Rita-Deggerich-1536x2048.jpg 1536w, https:\/\/familienzentrum-st-elisabeth.info\/wp-content\/uploads\/2026\/08\/Rita-Deggerich-scaled.jpg 1920w\" sizes=\"auto, (max-width: 768px) 100vw, 768px\" \/><\/figure>\n\n\n\n<p class=\"has-text-align-center wp-block-paragraph\">Rita Deggerich<br>K\u00f6chin<\/p>\n<\/div>\n\n\n\n<div class=\"wp-block-column is-layout-flow wp-block-column-is-layout-flow\">\n<figure class=\"wp-block-image aligncenter size-large is-resized\"><img loading=\"lazy\" decoding=\"async\" width=\"768\" height=\"1024\" src=\"https:\/\/familienzentrum-st-elisabeth.info\/wp-content\/uploads\/2026\/08\/Gerburg-Grosse-Frericks-768x1024.jpg\" alt=\"\" class=\"wp-image-1038\" style=\"object-fit:cover;width:200px;height:300px\" srcset=\"https:\/\/familienzentrum-st-elisabeth.info\/wp-content\/uploads\/2026\/08\/Gerburg-Grosse-Frericks-768x1024.jpg 768w, https:\/\/familienzentrum-st-elisabeth.info\/wp-content\/uploads\/2026\/08\/Gerburg-Grosse-Frericks-225x300.jpg 225w, https:\/\/familienzentrum-st-elisabeth.info\/wp-content\/uploads\/2026\/08\/Gerburg-Grosse-Frericks-767x1023.jpg 767w, https:\/\/familienzentrum-st-elisabeth.info\/wp-content\/uploads\/2026\/08\/Gerburg-Grosse-Frericks-1152x1536.jpg 1152w, https:\/\/familienzentrum-st-elisabeth.info\/wp-content\/uploads\/2026\/08\/Gerburg-Grosse-Frericks-1536x2048.jpg 1536w, https:\/\/familienzentrum-st-elisabeth.info\/wp-content\/uploads\/2026\/08\/Gerburg-Grosse-Frericks.jpg 1853w\" sizes=\"auto, (max-width: 768px) 100vw, 768px\" \/><\/figure>\n\n\n\n<p class=\"has-text-align-center wp-block-paragraph\">Gerburg Gro\u00dfe Frericks<br>Hauswirtschaftliche Kraft<\/p>\n<\/div>\n\n\n\n<div class=\"wp-block-column is-layout-flow wp-block-column-is-layout-flow\">\n<figure class=\"wp-block-image aligncenter size-large is-resized\"><img loading=\"lazy\" decoding=\"async\" width=\"683\" height=\"1024\" src=\"https:\/\/familienzentrum-st-elisabeth.info\/wp-content\/uploads\/2025\/09\/Tobias-Breuers-Gaertner-Hausmeister-683x1024.jpg\" alt=\"\" class=\"wp-image-928\" style=\"object-fit:cover;width:200px;height:301px\" srcset=\"https:\/\/familienzentrum-st-elisabeth.info\/wp-content\/uploads\/2025\/09\/Tobias-Breuers-Gaertner-Hausmeister-683x1024.jpg 683w, https:\/\/familienzentrum-st-elisabeth.info\/wp-content\/uploads\/2025\/09\/Tobias-Breuers-Gaertner-Hausmeister-200x300.jpg 200w, https:\/\/familienzentrum-st-elisabeth.info\/wp-content\/uploads\/2025\/09\/Tobias-Breuers-Gaertner-Hausmeister-768x1152.jpg 768w, https:\/\/familienzentrum-st-elisabeth.info\/wp-content\/uploads\/2025\/09\/Tobias-Breuers-Gaertner-Hausmeister-1024x1536.jpg 1024w, https:\/\/familienzentrum-st-elisabeth.info\/wp-content\/uploads\/2025\/09\/Tobias-Breuers-Gaertner-Hausmeister-1365x2048.jpg 1365w, https:\/\/familienzentrum-st-elisabeth.info\/wp-content\/uploads\/2025\/09\/Tobias-Breuers-Gaertner-Hausmeister-scaled.jpg 1707w\" sizes=\"auto, (max-width: 683px) 100vw, 683px\" \/><\/figure>\n\n\n\n<p class=\"has-text-align-center wp-block-paragraph\">Tobias Breuers, <br>G\u00e4rtner &amp; Hausmeister<\/p>\n<\/div>\n<\/div>\n\n\n\n<p class=\"wp-block-paragraph\"><\/p>\n\n\n\n<p class=\"wp-block-paragraph\"><\/p>\n","protected":false},"excerpt":{"rendered":"<p>&nbsp; Einrichtungsleitung Greta Schr\u00f6derErzieherin, Fachwirtin f\u00fcr Kita- und Hortmanagement &nbsp; &nbsp; Gr\u00fcne Gruppe Andrea Sch\u00f6peErzieherin Gr\u00fcne Gruppe Shumaila RobinKinderpflegerin Gr\u00fcne Gruppe Jil Nordkamp, PIA Auszubildne Gr\u00fcne Gruppe Ingrid HolsteErzieherin Steffi VennemannErzieherin Blaue Gruppe Anne Dapper Erzieherin Blaue Gruppe Silke StellermannErzieherin Blaue Gruppe Sina LangwegKita-Helferin Blaue Gruppe Lana BuchinErzieherin Gelbe Gruppe Michelle KordowskiErzieherin Gelbe Gruppe Diana <a class=\"read-more\" href=\"https:\/\/familienzentrum-st-elisabeth.info\/?page_id=25\">Read More<\/a><\/p>\n","protected":false},"author":1,"featured_media":0,"parent":0,"menu_order":0,"comment_status":"closed","ping_status":"closed","template":"template-full-width.php","meta":{"footnotes":""},"class_list":["post-25","page","type-page","status-publish","hentry"],"yoast_head":"<!-- This site is optimized with the Yoast SEO plugin v28.4 - https:\/\/yoast.com\/product\/yoast-seo-wordpress\/ -->\n<title>Unser Team2 - Familienzentrum St. Elisabeth<\/title>\n<meta name=\"robots\" content=\"index, follow, max-snippet:-1, max-image-preview:large, max-video-preview:-1\" \/>\n<link rel=\"canonical\" href=\"https:\/\/familienzentrum-st-elisabeth.info\/?page_id=25\" \/>\n<meta property=\"og:locale\" content=\"de_DE\" \/>\n<meta property=\"og:type\" content=\"article\" \/>\n<meta property=\"og:title\" content=\"Unser Team2 - Familienzentrum St. Elisabeth\" \/>\n<meta property=\"og:description\" content=\"&nbsp; Einrichtungsleitung Greta Schr\u00f6derErzieherin, Fachwirtin f\u00fcr Kita- und Hortmanagement &nbsp; &nbsp; Gr\u00fcne Gruppe Andrea Sch\u00f6peErzieherin Gr\u00fcne Gruppe Shumaila RobinKinderpflegerin Gr\u00fcne Gruppe Jil Nordkamp, PIA Auszubildne Gr\u00fcne Gruppe Ingrid HolsteErzieherin Steffi VennemannErzieherin Blaue Gruppe Anne Dapper Erzieherin Blaue Gruppe Silke StellermannErzieherin Blaue Gruppe Sina LangwegKita-Helferin Blaue Gruppe Lana BuchinErzieherin Gelbe Gruppe Michelle KordowskiErzieherin Gelbe Gruppe Diana Read More\" \/>\n<meta property=\"og:url\" content=\"https:\/\/familienzentrum-st-elisabeth.info\/?page_id=25\" \/>\n<meta property=\"og:site_name\" content=\"Familienzentrum St. Elisabeth\" \/>\n<meta property=\"article:modified_time\" content=\"2026-08-25T16:05:39+00:00\" \/>\n<meta property=\"og:image\" content=\"https:\/\/familienzentrum-st-elisabeth.info\/wp-content\/uploads\/2025\/08\/Greta-Schroeder-Rote-Gruppe-Erzieherin-scaled.jpg\" \/>\n\t<meta property=\"og:image:width\" content=\"1707\" \/>\n\t<meta property=\"og:image:height\" content=\"2560\" \/>\n\t<meta property=\"og:image:type\" content=\"image\/jpeg\" \/>\n<meta name=\"twitter:card\" content=\"summary_large_image\" \/>\n<meta name=\"twitter:label1\" content=\"Gesch\u00e4tzte Lesezeit\" \/>\n\t<meta name=\"twitter:data1\" content=\"5\u00a0Minuten\" \/>\n<script type=\"application\/ld+json\" class=\"yoast-schema-graph\">{\"@context\":\"https:\\\/\\\/schema.org\",\"@graph\":[{\"@type\":\"WebPage\",\"@id\":\"https:\\\/\\\/familienzentrum-st-elisabeth.info\\\/?page_id=25\",\"url\":\"https:\\\/\\\/familienzentrum-st-elisabeth.info\\\/?page_id=25\",\"name\":\"Unser Team2 - Familienzentrum St. Elisabeth\",\"isPartOf\":{\"@id\":\"https:\\\/\\\/familienzentrum-st-elisabeth.info\\\/#website\"},\"primaryImageOfPage\":{\"@id\":\"https:\\\/\\\/familienzentrum-st-elisabeth.info\\\/?page_id=25#primaryimage\"},\"image\":{\"@id\":\"https:\\\/\\\/familienzentrum-st-elisabeth.info\\\/?page_id=25#primaryimage\"},\"thumbnailUrl\":\"https:\\\/\\\/familienzentrum-st-elisabeth.info\\\/wp-content\\\/uploads\\\/2025\\\/08\\\/Greta-Schroeder-Rote-Gruppe-Erzieherin-200x300.jpg\",\"datePublished\":\"2022-11-23T09:04:20+00:00\",\"dateModified\":\"2026-08-25T16:05:39+00:00\",\"breadcrumb\":{\"@id\":\"https:\\\/\\\/familienzentrum-st-elisabeth.info\\\/?page_id=25#breadcrumb\"},\"inLanguage\":\"de\",\"potentialAction\":[{\"@type\":\"ReadAction\",\"target\":[\"https:\\\/\\\/familienzentrum-st-elisabeth.info\\\/?page_id=25\"]}]},{\"@type\":\"ImageObject\",\"inLanguage\":\"de\",\"@id\":\"https:\\\/\\\/familienzentrum-st-elisabeth.info\\\/?page_id=25#primaryimage\",\"url\":\"https:\\\/\\\/familienzentrum-st-elisabeth.info\\\/wp-content\\\/uploads\\\/2025\\\/08\\\/Greta-Schroeder-Rote-Gruppe-Erzieherin-scaled.jpg\",\"contentUrl\":\"https:\\\/\\\/familienzentrum-st-elisabeth.info\\\/wp-content\\\/uploads\\\/2025\\\/08\\\/Greta-Schroeder-Rote-Gruppe-Erzieherin-scaled.jpg\",\"width\":1707,\"height\":2560},{\"@type\":\"BreadcrumbList\",\"@id\":\"https:\\\/\\\/familienzentrum-st-elisabeth.info\\\/?page_id=25#breadcrumb\",\"itemListElement\":[{\"@type\":\"ListItem\",\"position\":1,\"name\":\"Startseite\",\"item\":\"https:\\\/\\\/familienzentrum-st-elisabeth.info\\\/\"},{\"@type\":\"ListItem\",\"position\":2,\"name\":\"Unser Team2\"}]},{\"@type\":\"WebSite\",\"@id\":\"https:\\\/\\\/familienzentrum-st-elisabeth.info\\\/#website\",\"url\":\"https:\\\/\\\/familienzentrum-st-elisabeth.info\\\/\",\"name\":\"Familienzentrum St. Elisabeth\",\"description\":\"Stadtlohn\",\"publisher\":{\"@id\":\"https:\\\/\\\/familienzentrum-st-elisabeth.info\\\/#organization\"},\"potentialAction\":[{\"@type\":\"SearchAction\",\"target\":{\"@type\":\"EntryPoint\",\"urlTemplate\":\"https:\\\/\\\/familienzentrum-st-elisabeth.info\\\/?s={search_term_string}\"},\"query-input\":{\"@type\":\"PropertyValueSpecification\",\"valueRequired\":true,\"valueName\":\"search_term_string\"}}],\"inLanguage\":\"de\"},{\"@type\":\"Organization\",\"@id\":\"https:\\\/\\\/familienzentrum-st-elisabeth.info\\\/#organization\",\"name\":\"Familienzentrum St. Elisabeth\",\"url\":\"https:\\\/\\\/familienzentrum-st-elisabeth.info\\\/\",\"logo\":{\"@type\":\"ImageObject\",\"inLanguage\":\"de\",\"@id\":\"https:\\\/\\\/familienzentrum-st-elisabeth.info\\\/#\\\/schema\\\/logo\\\/image\\\/\",\"url\":\"https:\\\/\\\/familienzentrum-st-elisabeth.info\\\/wp-content\\\/uploads\\\/2022\\\/11\\\/cropped-image008-1-e1669193012284.png\",\"contentUrl\":\"https:\\\/\\\/familienzentrum-st-elisabeth.info\\\/wp-content\\\/uploads\\\/2022\\\/11\\\/cropped-image008-1-e1669193012284.png\",\"width\":100,\"height\":100,\"caption\":\"Familienzentrum St. Elisabeth\"},\"image\":{\"@id\":\"https:\\\/\\\/familienzentrum-st-elisabeth.info\\\/#\\\/schema\\\/logo\\\/image\\\/\"}}]}<\/script>\n<!-- \/ Yoast SEO plugin. -->","yoast_head_json":{"title":"Unser Team2 - Familienzentrum St. Elisabeth","robots":{"index":"index","follow":"follow","max-snippet":"max-snippet:-1","max-image-preview":"max-image-preview:large","max-video-preview":"max-video-preview:-1"},"canonical":"https:\/\/familienzentrum-st-elisabeth.info\/?page_id=25","og_locale":"de_DE","og_type":"article","og_title":"Unser Team2 - Familienzentrum St. Elisabeth","og_description":"&nbsp; Einrichtungsleitung Greta Schr\u00f6derErzieherin, Fachwirtin f\u00fcr Kita- und Hortmanagement &nbsp; &nbsp; Gr\u00fcne Gruppe Andrea Sch\u00f6peErzieherin Gr\u00fcne Gruppe Shumaila RobinKinderpflegerin Gr\u00fcne Gruppe Jil Nordkamp, PIA Auszubildne Gr\u00fcne Gruppe Ingrid HolsteErzieherin Steffi VennemannErzieherin Blaue Gruppe Anne Dapper Erzieherin Blaue Gruppe Silke StellermannErzieherin Blaue Gruppe Sina LangwegKita-Helferin Blaue Gruppe Lana BuchinErzieherin Gelbe Gruppe Michelle KordowskiErzieherin Gelbe Gruppe Diana Read More","og_url":"https:\/\/familienzentrum-st-elisabeth.info\/?page_id=25","og_site_name":"Familienzentrum St. Elisabeth","article_modified_time":"2026-08-25T16:05:39+00:00","og_image":[{"width":1707,"height":2560,"url":"https:\/\/familienzentrum-st-elisabeth.info\/wp-content\/uploads\/2025\/08\/Greta-Schroeder-Rote-Gruppe-Erzieherin-scaled.jpg","type":"image\/jpeg"}],"twitter_card":"summary_large_image","twitter_misc":{"Gesch\u00e4tzte Lesezeit":"5\u00a0Minuten"},"schema":{"@context":"https:\/\/schema.org","@graph":[{"@type":"WebPage","@id":"https:\/\/familienzentrum-st-elisabeth.info\/?page_id=25","url":"https:\/\/familienzentrum-st-elisabeth.info\/?page_id=25","name":"Unser Team2 - Familienzentrum St. Elisabeth","isPartOf":{"@id":"https:\/\/familienzentrum-st-elisabeth.info\/#website"},"primaryImageOfPage":{"@id":"https:\/\/familienzentrum-st-elisabeth.info\/?page_id=25#primaryimage"},"image":{"@id":"https:\/\/familienzentrum-st-elisabeth.info\/?page_id=25#primaryimage"},"thumbnailUrl":"https:\/\/familienzentrum-st-elisabeth.info\/wp-content\/uploads\/2025\/08\/Greta-Schroeder-Rote-Gruppe-Erzieherin-200x300.jpg","datePublished":"2022-11-23T09:04:20+00:00","dateModified":"2026-08-25T16:05:39+00:00","breadcrumb":{"@id":"https:\/\/familienzentrum-st-elisabeth.info\/?page_id=25#breadcrumb"},"inLanguage":"de","potentialAction":[{"@type":"ReadAction","target":["https:\/\/familienzentrum-st-elisabeth.info\/?page_id=25"]}]},{"@type":"ImageObject","inLanguage":"de","@id":"https:\/\/familienzentrum-st-elisabeth.info\/?page_id=25#primaryimage","url":"https:\/\/familienzentrum-st-elisabeth.info\/wp-content\/uploads\/2025\/08\/Greta-Schroeder-Rote-Gruppe-Erzieherin-scaled.jpg","contentUrl":"https:\/\/familienzentrum-st-elisabeth.info\/wp-content\/uploads\/2025\/08\/Greta-Schroeder-Rote-Gruppe-Erzieherin-scaled.jpg","width":1707,"height":2560},{"@type":"BreadcrumbList","@id":"https:\/\/familienzentrum-st-elisabeth.info\/?page_id=25#breadcrumb","itemListElement":[{"@type":"ListItem","position":1,"name":"Startseite","item":"https:\/\/familienzentrum-st-elisabeth.info\/"},{"@type":"ListItem","position":2,"name":"Unser Team2"}]},{"@type":"WebSite","@id":"https:\/\/familienzentrum-st-elisabeth.info\/#website","url":"https:\/\/familienzentrum-st-elisabeth.info\/","name":"Familienzentrum St. Elisabeth","description":"Stadtlohn","publisher":{"@id":"https:\/\/familienzentrum-st-elisabeth.info\/#organization"},"potentialAction":[{"@type":"SearchAction","target":{"@type":"EntryPoint","urlTemplate":"https:\/\/familienzentrum-st-elisabeth.info\/?s={search_term_string}"},"query-input":{"@type":"PropertyValueSpecification","valueRequired":true,"valueName":"search_term_string"}}],"inLanguage":"de"},{"@type":"Organization","@id":"https:\/\/familienzentrum-st-elisabeth.info\/#organization","name":"Familienzentrum St. Elisabeth","url":"https:\/\/familienzentrum-st-elisabeth.info\/","logo":{"@type":"ImageObject","inLanguage":"de","@id":"https:\/\/familienzentrum-st-elisabeth.info\/#\/schema\/logo\/image\/","url":"https:\/\/familienzentrum-st-elisabeth.info\/wp-content\/uploads\/2022\/11\/cropped-image008-1-e1669193012284.png","contentUrl":"https:\/\/familienzentrum-st-elisabeth.info\/wp-content\/uploads\/2022\/11\/cropped-image008-1-e1669193012284.png","width":100,"height":100,"caption":"Familienzentrum St. Elisabeth"},"image":{"@id":"https:\/\/familienzentrum-st-elisabeth.info\/#\/schema\/logo\/image\/"}}]}},"_links":{"self":[{"href":"https:\/\/familienzentrum-st-elisabeth.info\/index.php?rest_route=\/wp\/v2\/pages\/25","targetHints":{"allow":["GET"]}}],"collection":[{"href":"https:\/\/familienzentrum-st-elisabeth.info\/index.php?rest_route=\/wp\/v2\/pages"}],"about":[{"href":"https:\/\/familienzentrum-st-elisabeth.info\/index.php?rest_route=\/wp\/v2\/types\/page"}],"author":[{"embeddable":true,"href":"https:\/\/familienzentrum-st-elisabeth.info\/index.php?rest_route=\/wp\/v2\/users\/1"}],"replies":[{"embeddable":true,"href":"https:\/\/familienzentrum-st-elisabeth.info\/index.php?rest_route=%2Fwp%2Fv2%2Fcomments&post=25"}],"version-history":[{"count":103,"href":"https:\/\/familienzentrum-st-elisabeth.info\/index.php?rest_route=\/wp\/v2\/pages\/25\/revisions"}],"predecessor-version":[{"id":1056,"href":"https:\/\/familienzentrum-st-elisabeth.info\/index.php?rest_route=\/wp\/v2\/pages\/25\/revisions\/1056"}],"wp:attachment":[{"href":"https:\/\/familienzentrum-st-elisabeth.info\/index.php?rest_route=%2Fwp%2Fv2%2Fmedia&parent=25"}],"curies":[{"name":"wp","href":"https:\/\/api.w.org\/{rel}","templated":true}]}}